{"id":163,"date":"2024-07-01T19:05:09","date_gmt":"2024-07-01T19:05:09","guid":{"rendered":"https:\/\/es.martisala.com\/?page_id=163"},"modified":"2024-07-31T10:33:07","modified_gmt":"2024-07-31T10:33:07","slug":"condicions-dus","status":"publish","type":"page","link":"https:\/\/martisala.com\/ca\/condicions-dus\/","title":{"rendered":"Condicions d&#8217;\u00das"},"content":{"rendered":"\n<h2 class=\"wp-block-heading\">1. Acceptaci\u00f3 dels Termes<\/h2>\n\n\n\n<p>En accedir i utilitzar aquest lloc web, acceptes estar subjecte a les seg\u00fcents condicions d&#8217;\u00fas i a totes les lleis i regulacions aplicables. Si no est\u00e0s d&#8217;acord amb algun d&#8217;aquests termes, et queda prohibit usar o accedir a aquest lloc.<\/p>\n\n\n\n<h2 class=\"wp-block-heading\">2. \u00das del Contingut<\/h2>\n\n\n\n<h3 class=\"wp-block-heading\">2.1 Propietat Intel\u00b7lectual<\/h3>\n\n\n\n<p>Tot el contingut del lloc, incloses per\u00f2 no limitades a, fotografies, text, gr\u00e0fics i logotips, \u00e9s propietat exclusiva de Mart\u00ed Sala i est\u00e0 protegit per les lleis de drets d&#8217;autor i altres lleis de propietat intel\u00b7lectual.<\/p>\n\n\n\n<h3 class=\"wp-block-heading\">2.2 \u00das Personal i No Comercial<\/h3>\n\n\n\n<p>Es permet l&#8217;\u00fas de les fotografies i altres continguts del lloc \u00fanicament per a fins personals i no comercials. No est\u00e0 perm\u00e8s reproduir, distribuir, modificar, transmetre, o mostrar p\u00fablicament el contingut sense el perm\u00eds expr\u00e9s per escrit de Mart\u00ed Sala<\/p>\n\n\n\n<h3 class=\"wp-block-heading\">2.3 \u00das Perm\u00e8s<\/h3>\n\n\n\n<p>Pots:<\/p>\n\n\n\n<p>Descarregar temporalment una c\u00f2pia dels materials (informaci\u00f3 o programari) en el lloc web per a visualitzaci\u00f3 personal i no comercial.<\/p>\n\n\n\n<p>Compartir els enlla\u00e7os a la web en xarxes socials sempre que es doni cr\u00e8dit apropiat a l&#8217;autor.<\/p>\n\n\n\n<h2 class=\"wp-block-heading\">3. Restriccions<\/h2>\n\n\n\n<p>No pots:<\/p>\n\n\n\n<ul class=\"wp-block-list\">\n<li>Modificar o copiar els materials.<\/li>\n\n\n\n<li>Usar els materials per a qualsevol prop\u00f2sit comercial, o per a qualsevol exhibici\u00f3 p\u00fablica (comercial o no comercial).<\/li>\n\n\n\n<li>Intentar descompilar o fer enginyeria inversa de qualsevol programari contingut en el lloc web de Mart\u00ed Sala.<\/li>\n\n\n\n<li>Eliminar qualsevol nota de copyright o altres notacions de propietat dels materials.<\/li>\n<\/ul>\n\n\n\n<h2 class=\"wp-block-heading\">4. Exempci\u00f3 de Responsabilitat<\/h2>\n\n\n\n<p>El material en el lloc web des proporciona &#8220;tal qual&#8221;. Mart\u00ed Sala no ofereix garanties, expresses o impl\u00edcites, i per la present ren\u00fancia i nega totes les altres garanties, incloses sense limitaci\u00f3, les garanties impl\u00edcites o condicions de comerciabilitat, idone\u00eftat per a un prop\u00f2sit particular, o no infracci\u00f3 de la propietat intel\u00b7lectual o una altra violaci\u00f3 de drets.<\/p>\n\n\n\n<h2 class=\"wp-block-heading\">5. Limitacions<\/h2>\n\n\n\n<p>En cap cas, Mart\u00ed Sala o els seus prove\u00efdors seran responsables de qualsevol mal (inclosos, sense limitaci\u00f3, danys per p\u00e8rdua de dades o beneficis, o a causa d&#8217;interrupci\u00f3 del negoci) que sorgeixin de l&#8217;\u00fas o la incapacitat d&#8217;usar els materials en el lloc web de Mart\u00ed Sala.<\/p>\n\n\n\n<h2 class=\"wp-block-heading\">6. Revisi\u00f3 i Errors<\/h2>\n\n\n\n<p>Els materials que apareixen en el lloc web podrien incloure errors t\u00e8cnics, tipogr\u00e0fics o fotogr\u00e0fics. Mart\u00ed Sala no garanteix que qualsevol dels materials en el seu lloc web siguin precisos, complets o actuals. Mart\u00ed Sala pot fer canvis als materials continguts en el seu lloc web en qualsevol moment sense previ av\u00eds.<\/p>\n\n\n\n<h2 class=\"wp-block-heading\">7. Enlla\u00e7os<\/h2>\n\n\n\n<p>Mart\u00ed Sala no ha revisat tots els llocs enlla\u00e7ats al seu lloc web i no \u00e9s responsable dels continguts d&#8217;aquests llocs enlla\u00e7ats. La inclusi\u00f3 de qualsevol enlla\u00e7 no implica l&#8217;aprovaci\u00f3 per part de Mart\u00ed Sala del lloc. L&#8217;\u00fas de qualsevol lloc web enlla\u00e7at \u00e9s sota el propi risc de l&#8217;usuari.<\/p>\n\n\n\n<h2 class=\"wp-block-heading\">8. Modificacions dels Termes d&#8217;\u00das<\/h2>\n\n\n\n<p>Mart\u00ed Sala pot revisar aquests termes d&#8217;\u00fas del lloc web en qualsevol moment sense previ av\u00eds. En usar aquest lloc web, acceptes estar subjecte a la versi\u00f3 actual d&#8217;aquests Termes i Condicions d&#8217;\u00das.<\/p>\n\n\n\n<h2 class=\"wp-block-heading\">9. Llei Aplicable<\/h2>\n\n\n\n<p>Qualsevol reclamaci\u00f3 relacionada amb el lloc web de Mart\u00ed Sala es regir\u00e0 per les lleis d&#8217;Espanya, sense consideraci\u00f3 al seu conflicte de disposicions legals.<\/p>\n\n\n\n<p><\/p>\n","protected":false},"excerpt":{"rendered":"<p>1. Acceptaci\u00f3 dels Termes En accedir i utilitzar aquest lloc web, acceptes estar subjecte a les seg\u00fcents condicions d&#8217;\u00fas i a totes les lleis i regulacions aplicables. Si no est\u00e0s d&#8217;acord amb algun d&#8217;aquests termes, et queda prohibit usar o accedir a aquest lloc. 2. \u00das del Contingut 2.1 Propietat Intel\u00b7lectual Tot el contingut del lloc, incloses per\u00f2 no limitades a, fotografies, text, gr\u00e0fics i logotips, \u00e9s propietat exclusiva de Mart\u00ed Sala i est\u00e0 protegit per les lleis de drets d&#8217;autor i altres lleis de propietat intel\u00b7lectual. 2.2 \u00das Personal i No Comercial Es permet l&#8217;\u00fas de les fotografies i altres continguts del lloc \u00fanicament per a fins personals i no comercials. No est\u00e0 perm\u00e8s reproduir, distribuir, modificar, transmetre, o mostrar p\u00fablicament el contingut sense el perm\u00eds expr\u00e9s per escrit de Mart\u00ed Sala 2.3 \u00das Perm\u00e8s Pots: Descarregar temporalment una c\u00f2pia dels materials (informaci\u00f3 o programari) en el lloc web per a visualitzaci\u00f3 personal i no comercial. Compartir els enlla\u00e7os a la web en xarxes socials sempre que es doni cr\u00e8dit apropiat a l&#8217;autor. 3. Restriccions No pots: 4. Exempci\u00f3 de Responsabilitat El material en el lloc web des proporciona &#8220;tal qual&#8221;. Mart\u00ed Sala no ofereix garanties, expresses o impl\u00edcites, i per la present ren\u00fancia i nega totes les altres garanties, incloses sense limitaci\u00f3, les garanties impl\u00edcites o condicions de comerciabilitat, idone\u00eftat per a un prop\u00f2sit particular, o no infracci\u00f3 de la propietat intel\u00b7lectual o una altra violaci\u00f3 de drets. 5. Limitacions En cap cas, Mart\u00ed Sala o els seus prove\u00efdors seran responsables de qualsevol mal (inclosos, sense limitaci\u00f3, danys per p\u00e8rdua de dades o beneficis, o a causa d&#8217;interrupci\u00f3 del negoci) que sorgeixin de l&#8217;\u00fas o la incapacitat d&#8217;usar els materials en el lloc web de Mart\u00ed Sala. 6. Revisi\u00f3 i Errors Els materials que apareixen en el lloc web podrien incloure errors t\u00e8cnics, tipogr\u00e0fics o fotogr\u00e0fics. Mart\u00ed Sala no garanteix que qualsevol dels materials en el seu lloc web siguin precisos, complets o actuals. Mart\u00ed Sala pot fer canvis als materials continguts en el seu lloc web en qualsevol moment sense previ av\u00eds. 7. Enlla\u00e7os Mart\u00ed Sala no ha revisat tots els llocs enlla\u00e7ats al seu lloc web i no \u00e9s responsable dels continguts d&#8217;aquests llocs enlla\u00e7ats. La inclusi\u00f3 de qualsevol enlla\u00e7 no implica l&#8217;aprovaci\u00f3 per part de Mart\u00ed Sala del lloc. L&#8217;\u00fas de qualsevol lloc web enlla\u00e7at \u00e9s sota el propi risc de l&#8217;usuari. 8. Modificacions dels Termes d&#8217;\u00das Mart\u00ed Sala pot revisar aquests termes d&#8217;\u00fas del lloc web en qualsevol moment sense previ av\u00eds. En usar aquest lloc web, acceptes estar subjecte a la versi\u00f3 actual d&#8217;aquests Termes i Condicions d&#8217;\u00das. 9. Llei Aplicable Qualsevol reclamaci\u00f3 relacionada amb el lloc web de Mart\u00ed Sala es regir\u00e0 per les lleis d&#8217;Espanya, sense consideraci\u00f3 al seu conflicte de disposicions legals.<\/p>\n","protected":false},"author":1,"featured_media":0,"parent":0,"menu_order":0,"comment_status":"closed","ping_status":"closed","template":"","meta":{"footnotes":""},"class_list":["post-163","page","type-page","status-publish","hentry"],"acf":[],"_links":{"self":[{"href":"https:\/\/martisala.com\/ca\/wp-json\/wp\/v2\/pages\/163","targetHints":{"allow":["GET"]}}],"collection":[{"href":"https:\/\/martisala.com\/ca\/wp-json\/wp\/v2\/pages"}],"about":[{"href":"https:\/\/martisala.com\/ca\/wp-json\/wp\/v2\/types\/page"}],"author":[{"embeddable":true,"href":"https:\/\/martisala.com\/ca\/wp-json\/wp\/v2\/users\/1"}],"replies":[{"embeddable":true,"href":"https:\/\/martisala.com\/ca\/wp-json\/wp\/v2\/comments?post=163"}],"version-history":[{"count":4,"href":"https:\/\/martisala.com\/ca\/wp-json\/wp\/v2\/pages\/163\/revisions"}],"predecessor-version":[{"id":689,"href":"https:\/\/martisala.com\/ca\/wp-json\/wp\/v2\/pages\/163\/revisions\/689"}],"wp:attachment":[{"href":"https:\/\/martisala.com\/ca\/wp-json\/wp\/v2\/media?parent=163"}],"curies":[{"name":"wp","href":"https:\/\/api.w.org\/{rel}","templated":true}]}}